{"id":3,"date":"2019-03-20T09:26:46","date_gmt":"2019-03-20T09:26:46","guid":{"rendered":"http:\/\/mfc.ski\/?page_id=3"},"modified":"2024-08-20T20:10:34","modified_gmt":"2024-08-20T18:10:34","slug":"polityka-prywatnosci","status":"publish","type":"page","link":"https:\/\/mfc.ski\/index.php\/polityka-prywatnosci\/","title":{"rendered":"Polityka prywatno\u015bci"},"content":{"rendered":"\t\t<div data-elementor-type=\"wp-page\" data-elementor-id=\"3\" class=\"elementor elementor-3\" data-elementor-post-type=\"page\">\n\t\t\t\t<div class=\"elementor-element elementor-element-5c36305d e-flex e-con-boxed wpr-particle-no wpr-jarallax-no wpr-parallax-no wpr-sticky-section-no e-con e-parent\" data-id=\"5c36305d\" data-element_type=\"container\" data-e-type=\"container\">\n\t\t\t\t\t<div class=\"e-con-inner\">\n\t\t\t\t<div class=\"elementor-element elementor-element-5ca54c5f elementor-widget elementor-widget-text-editor\" data-id=\"5ca54c5f\" data-element_type=\"widget\" data-e-type=\"widget\" data-widget_type=\"text-editor.default\">\n\t\t\t\t<div class=\"elementor-widget-container\">\n\t\t\t\t\t\t\t\t\t<p><\/p>\n<h1 class=\"wp-block-heading\"><span style=\"color: #000000;\">Polityka prywatno\u015bci WWW.MFC.SKI<\/span><\/h1>\n<p><span style=\"color: #000000;\"><\/span><\/p>\n<p><span style=\"color: #000000;\"><\/span><\/p>\n<h2 class=\"wp-block-heading\">\u00a0<\/h2>\n<h2 class=\"wp-block-heading\"><span style=\"color: #000000;\">A. POSTANOWIENIA OG\u00d3LNE<\/span><\/h2>\n<p><span style=\"color: #000000;\"><\/span><\/p>\n<p><span style=\"color: #000000;\"><\/span><\/p>\n<p><span style=\"color: #000000;\">W\u00a0zwi\u0105zku z\u00a0prowadzon\u0105 dzia\u0142alno\u015bci\u0105 Narty-Austria Pawe\u0142 Grodzicki zbiera i\u00a0przetwarza dane osobowe. Celem niniejszej Polityki Prywatno\u015bci jest\u00a0wyja\u015bnienie zasad, na\u00a0jakich przetwarzane s\u0105\u00a0Pa\u0144stwa dane osobowe oraz\u00a0om\u00f3wienie Pa\u0144stwa podstawowych praw zwi\u0105zanych z\u00a0przetwarzaniem przez\u00a0nas Pa\u0144stwa danych osobowych.<br \/>W\u00a0niniejszej Polityce u\u017cytkownik znajdzie tak\u017ce informacje dotycz\u0105ce stosowania plik\u00f3w\u00a0cookies\u00a0lub podobnych technologii w\u00a0zwi\u0105zku z\u00a0korzystaniem ze\u00a0strony internetowej www.mfc.ski, w\u00a0tym informacji o\u00a0mo\u017cliwo\u015bci korzystania przez\u00a0Administratora z\u00a0narz\u0119dzi analitycznych.<br \/><br \/><\/span><\/p>\n<p><span style=\"color: #000000;\"><\/span><\/p>\n<p><span style=\"color: #000000;\"><\/span><\/p>\n<p><span style=\"color: #000000;\"><\/span><\/p>\n<p><span style=\"color: #000000;\"><\/span><\/p>\n<h2 class=\"wp-block-heading\"><span style=\"color: #000000;\">B. DEFINICJE<\/span><\/h2>\n<p><span style=\"color: #000000;\"><\/span><\/p>\n<p><span style=\"color: #000000;\"><\/span><\/p>\n<ol class=\"wp-block-list\">\n<li style=\"list-style-type: none;\">\n<ol class=\"wp-block-list\"><\/ol>\n<\/li>\n<\/ol>\n<ol class=\"wp-block-list\">\n<li style=\"list-style-type: none;\">\n<ol class=\"wp-block-list\">\n<li><span style=\"color: #000000;\"><strong>Administrator <\/strong>\u2013\u00a0Pawe\u0142 Grodzicki prowadz\u0105cy dzia\u0142alno\u015b\u0107 pod firm\u0105 NARTY-AUSTRIA Pawe\u0142 Grodzicki, ul. Karlikowska 23\/25\/14, 81-735 Sopot, NIP 5851070233, REGON 192984510.<br \/><br \/><\/span><\/li>\n<li><span style=\"color: #000000;\"><strong>Dane osobowe \u2013\u00a0<\/strong>oznaczaj\u0105 informacje o\u00a0zidentyfikowanej lub mo\u017cliwej do\u00a0zidentyfikowania osobie fizycznej, kt\u00f3r\u0105 mo\u017cna bezpo\u015brednio lub po\u015brednio zidentyfikowa\u0107, w\u00a0szczeg\u00f3lno\u015bci na\u00a0podstawie identyfikatora takiego jak imi\u0119 i\u00a0nazwisko, numer identyfikacyjny, dane o\u00a0lokalizacji, identyfikator internetowy lub jeden b\u0105d\u017a kilka szczeg\u00f3lnych czynnik\u00f3w okre\u015blaj\u0105cych fizyczn\u0105, fizjologiczn\u0105, genetyczn\u0105, psychiczn\u0105, ekonomiczn\u0105, kulturow\u0105 lub spo\u0142eczn\u0105 to\u017csamo\u015b\u0107 osoby fizycznej.<br \/><br \/><\/span><\/li>\n<li><span style=\"color: #000000;\"><strong>Polityka \u2013<\/strong>\u00a0niniejsza Polityka prywatno\u015bci.<br \/><br \/><\/span><\/li>\n<li><span style=\"color: #000000;\"><strong>RODO \u2013\u00a0<\/strong>Rozporz\u0105dzenie Parlamentu Europejskiego i\u00a0Rady (UE) 2016\/679 z\u00a0dnia 27 kwietnia 2016\u00a0r. w\u00a0sprawie ochrony os\u00f3b fizycznych w\u00a0zwi\u0105zku z\u00a0przetwarzaniem danych osobowych i\u00a0w\u00a0sprawie swobodnego przep\u0142ywu takich danych oraz\u00a0uchylenia dyrektywy 95\/46\/WE (og\u00f3lne rozporz\u0105dzenie o\u00a0ochronie danych) (Dz.\u00a0U. UE. L. z\u00a02016\u00a0r. Nr\u00a0119, str. 1 z\u00a0p\u00f3\u017an. zm.).<br \/><br \/><\/span><\/li>\n<li><span style=\"color: #000000;\"><strong>Podmiot danych \/ U\u017cytkownik \u2013\u00a0<\/strong>osoba fizyczna korzystaj\u0105ca z\u00a0Serwisu b\u0105d\u017a jakiejkolwiek us\u0142ugi lub funkcjonalno\u015bci opisanych w\u00a0Polityce.<br \/><br \/><\/span><\/li>\n<li><span style=\"color: #000000;\"><span style=\"color: #000000;\"><strong>Serwis\u00a0<\/strong>\u2013 strona internetowa Administratora, dost\u0119pna pod\u00a0adresem www.mfc.ski.<\/span><\/span><\/li>\n<\/ol>\n<\/li>\n<\/ol>\n<p><span style=\"color: #000000;\"><\/span><\/p>\n<p><span style=\"color: #000000;\"><\/span><\/p>\n<ol class=\"wp-block-list\">\n<li style=\"list-style-type: none;\">\u00a0\u00a0<\/li>\n<\/ol>\n<p><span style=\"color: #000000;\"><\/span><\/p>\n<p><span style=\"color: #000000;\"><\/span><\/p>\n<p><span style=\"color: #000000;\"><\/span><\/p>\n<h2 class=\"wp-block-heading\"><span style=\"color: #000000;\">C. PRZETWARZANIE DANYCH PRZEZ\u00a0ADMINISTRATORA<\/span><\/h2>\n<p><span style=\"color: #000000;\"><\/span><\/p>\n<p><span style=\"color: #000000;\"><\/span><\/p>\n<ol class=\"wp-block-list\">\n<li style=\"list-style-type: none;\">\n<ol class=\"wp-block-list\"><\/ol>\n<\/li>\n<\/ol>\n<ol class=\"wp-block-list\">\n<li style=\"list-style-type: none;\">\n<ol class=\"wp-block-list\">\n<li><span style=\"color: #000000;\">Administratorem danych osobowych jest Pawe\u0142 Grodzicki prowadz\u0105cy dzia\u0142alno\u015b\u0107 gospodarcz\u0105 pod firm\u0105\u00a0<strong>NARTY-AUSTRIA Pawe\u0142 Grodzicki.<br \/><br \/><\/strong><\/span><\/li>\n<li><span style=\"color: #000000;\">Z\u00a0Administratorem mo\u017cna kontaktowa\u0107 si\u0119:<\/span><br \/><span style=\"color: #000000;\">&#8211; korespondencyjnie, na\u00a0adres: ul. Karlikowska 23\/25\/14, 81-735 Sopot<\/span><br \/><span style=\"color: #000000;\"><span style=\"color: #000000;\">&#8211; elektronicznie, na adres e-mail: biuro@mfc.ski<br \/><br \/><\/span><\/span><\/li>\n<\/ol>\n<\/li>\n<\/ol>\n<p><span style=\"color: #000000;\"><\/span><\/p>\n<p><span style=\"color: #000000;\"><\/span><\/p>\n<p><span style=\"color: #000000;\"><\/span><\/p>\n<p><span style=\"color: #000000;\"><\/span><\/p>\n<p><span style=\"color: #000000;\"><\/span><\/p>\n<h2 class=\"wp-block-heading\"><span style=\"color: #000000;\">D. ZGODA U\u017bYTKOWNIKA<\/span><\/h2>\n<p><span style=\"color: #000000;\"><\/span><\/p>\n<p><span style=\"color: #000000;\"><\/span><\/p>\n<ol class=\"wp-block-list\">\n<li style=\"list-style-type: none;\">\n<ol class=\"wp-block-list\"><\/ol>\n<\/li>\n<\/ol>\n<ol class=\"wp-block-list\">\n<li style=\"list-style-type: none;\">\n<ol class=\"wp-block-list\">\n<li><span style=\"color: #000000;\">Korzystanie z\u00a0Serwisu przez U\u017cytkownika oznacza, \u017ce U\u017cytkownik akceptuje, \u017ce Administrator gromadzi oraz\u00a0wykorzystuje dane osobowe zgodnie z\u00a0niniejsz\u0105 Polityk\u0105 Prywatno\u015bci.<br \/><br \/><\/span><\/li>\n<li><span style=\"color: #000000;\">Dane osobowe U\u017cytkownika Serwisu s\u0105 przetwarzane przez Administratora w\u00a0oparciu o\u00a0jego\u00a0zgod\u0119, za\u015b\u00a0w\u00a0niekt\u00f3rych przypadkach opisanych w\u00a0niniejszym dokumencie, w\u00a0ramach prawnie uzasadnionego interesu Administratora. U\u017cytkownik ma prawo w\u00a0dowolnym momencie wycofa\u0107 wyra\u017con\u0105 wcze\u015bniej zgod\u0119. Wycofanie zgody nie\u00a0wp\u0142ywa na\u00a0zgodno\u015b\u0107 z\u00a0prawem przetwarzania, kt\u00f3rego dokonano na\u00a0podstawie zgody przed jej\u00a0wycofaniem.<br \/><br \/><\/span><\/li>\n<li><span style=\"color: #000000;\"><span style=\"color: #000000;\">W przypadku, gdy nast\u0105pi zmiana niniejszej Polityki Prywatno\u015bci, a\u00a0U\u017cytkownik nadal b\u0119dzie korzysta\u0142 z\u00a0Serwisu, to\u00a0poczytuje\u00a0si\u0119 to\u00a0za\u00a0wyra\u017cenie zgody na\u00a0aktualne warunki Polityki Prywatno\u015bci.<\/span><\/span>\u00a0<br \/>\u00a0<\/li>\n<\/ol>\n<\/li>\n<\/ol>\n<p><span style=\"color: #000000;\"><\/span><\/p>\n<p><span style=\"color: #000000;\"><\/span><\/p>\n<p><span style=\"color: #000000;\"><\/span><\/p>\n<p><span style=\"color: #000000;\"><\/span><\/p>\n<p><span style=\"color: #000000;\"><\/span><\/p>\n<h2 class=\"wp-block-heading\"><span style=\"color: #000000;\">E. DANE OSOBOWE PRZETWARZANE PRZEZ ADMINISTRATORA<\/span><\/h2>\n<p><span style=\"color: #000000;\"><\/span><\/p>\n<p><span style=\"color: #000000;\"><\/span><\/p>\n<ol class=\"wp-block-list\">\n<li style=\"list-style-type: none;\">\n<ol class=\"wp-block-list\"><\/ol>\n<\/li>\n<\/ol>\n<ol class=\"wp-block-list\">\n<li style=\"list-style-type: none;\">\n<ol class=\"wp-block-list\">\n<li><span style=\"color: #000000;\"><strong>Spos\u00f3b pozyskiwania danych osobowych<\/strong><\/span><br \/><span style=\"color: #000000;\">Administrator pozyskuje dane osobowe bezpo\u015brednio od\u00a0U\u017cytkownika za\u00a0po\u015brednictwem Serwisu, poprzez\u00a0wype\u0142nienie przez U\u017cytkownika formularza kontaktowego dost\u0119pnego w\u00a0Serwisie i\u00a0przes\u0142anie za\u00a0jego\u00a0po\u015brednictwem wiadomo\u015bci do\u00a0Administratora. Podanie danych osobowych zawartych w\u00a0formularzu kontaktowym jest dobrowolne. Dane osobowe mog\u0105 tak\u017ce by\u0107 pozyskane z\u00a0innych \u017ar\u00f3de\u0142 (dost\u0119pnych publicznie, np.\u00a0CEIDG i\u00a0KRS, lub o\u00a0ograniczonym dost\u0119pie), w\u00a0tym od\u00a0os\u00f3b udzielaj\u0105cych pe\u0142nomocnictwa lub wskazuj\u0105cych Podmiot danych jako osob\u0119 do\u00a0kontaktu.<br \/><br \/><\/span><\/li>\n<li><span style=\"color: #000000;\"><strong>Rodzaje przetwarzanych danych osobowych.<\/strong><\/span><br \/><span style=\"color: #000000;\">Administrator gromadzi za\u00a0po\u015brednictwem Serwisu nast\u0119puj\u0105ce dane osobowe dotycz\u0105ce U\u017cytkownika:<\/span><br \/><span style=\"color: #000000;\">&#8211; Imi\u0119 i\u00a0nazwisko;<\/span><br \/><span style=\"color: #000000;\">&#8211; Adres e-mail;<\/span><br \/><span style=\"color: #000000;\">&#8211; Adres zamieszkania;<\/span><br \/><span style=\"color: #000000;\">&#8211; Wiek;<\/span><br \/><span style=\"color: #000000;\">&#8211; Numer telefonu;<\/span><br \/><span style=\"color: #000000;\">&#8211; Tre\u015b\u0107 wiadomo\u015bci;<\/span><br \/><span style=\"color: #000000;\"><span style=\"color: #000000;\">&#8211; Temat wiadomo\u015bci.<\/span><\/span>\n<p>\u00a0<\/p>\n<\/li>\n<\/ol>\n<\/li>\n<\/ol>\n<p><span style=\"color: #000000;\"><\/span><\/p>\n<p><span style=\"color: #000000;\"><\/span><\/p>\n<p><span style=\"color: #000000;\"><\/span><\/p>\n<p><span style=\"color: #000000;\"><\/span><\/p>\n<p><span style=\"color: #000000;\"><\/span><\/p>\n<h2 class=\"wp-block-heading\"><span style=\"color: #000000;\">F. CELE PRZETWARZANIA DANYCH OSOBOWYCH<\/span><\/h2>\n<p><span style=\"color: #000000;\"><\/span><\/p>\n<p><span style=\"color: #000000;\"><\/span><\/p>\n<p><span style=\"color: #000000;\">Spos\u00f3b przetwarzania przez Administratora danych dotycz\u0105cych U\u017cytkownika zale\u017cy od\u00a0sposobu korzystania przez U\u017cytkownika z\u00a0Serwisu i\u00a0dost\u0119pnych w\u00a0nim funkcjonalno\u015bci. Administrator przetwarza dane osobowe U\u017cytkownika w\u00a0nast\u0119puj\u0105cych celach:<\/span><\/p>\n<p><span style=\"color: #000000;\"><\/span><\/p>\n<p><span style=\"color: #000000;\"><\/span><\/p>\n<ol class=\"wp-block-list\">\n<li style=\"list-style-type: none;\">\n<ol class=\"wp-block-list\"><\/ol>\n<\/li>\n<\/ol>\n<ol class=\"wp-block-list\">\n<li style=\"list-style-type: none;\">\n<ol class=\"wp-block-list\">\n<li><span style=\"color: #000000;\"><strong>Komunikacji z\u00a0U\u017cytkownikiem.<\/strong><\/span><br \/><span style=\"color: #000000;\">Administrator wykorzystuje dane osobowe U\u017cytkownika w\u00a0celu komunikacji z\u00a0nim w\u00a0spersonalizowany spos\u00f3b. Komunikowane U\u017cytkownikowi informacje dotycz\u0105 oferowanych produkt\u00f3w lub\u00a0us\u0142ug, bezpiecze\u0144stwa danych osobowych, aktualizacji sieci, przypomnie\u0144, ale\u00a0r\u00f3wnie\u017c sugerowanych ofert Administratora lub\u00a0jego\u00a0partner\u00f3w. Komunikacja z\u00a0U\u017cytkownikiem dotyczy tak\u017ce obs\u0142ugi U\u017cytkownika. Dane osobowe wykorzystywane s\u0105 w\u00a0celu pomocy U\u017cytkownikowi, rozwi\u0105zaniu problem\u00f3w technicznych oraz\u00a0odpowiedzi na\u00a0jego\u00a0skargi lub\u00a0reklamacje.<br \/><br \/><\/span><\/li>\n<li><span style=\"color: #000000;\"><strong>Przedstawiania U\u017cytkownikowi ofert handlowych drog\u0105 elektroniczn\u0105.<\/strong><\/span><br \/><span style=\"color: #000000;\">Celem korzystania z\u00a0danych osobowych U\u017cytkownika udost\u0119pnionych przez niego za\u00a0po\u015brednictwem formularza kontaktowego dost\u0119pnego w\u00a0Serwisie jest komunikacja marketingowa prowadzona przez Administratora w\u00a0ramach prowadzonej dzia\u0142alno\u015bci, w\u00a0szczeg\u00f3lno\u015bci przedstawianie ofert handlowych U\u017cytkownikowi drog\u0105 elektroniczn\u0105.<br \/><br \/><\/span><\/li>\n<li><span style=\"color: #000000;\"><strong>Przedstawiania U\u017cytkownikowi ofert handlowych w\u00a0kontakcie telefonicznym.<\/strong><\/span><br \/><span style=\"color: #000000;\">Celem korzystania z\u00a0danych osobowych U\u017cytkownika udost\u0119pnionych przez niego za\u00a0po\u015brednictwem formularza kontaktowego dost\u0119pnego w\u00a0Serwisie jest komunikacja marketingowa prowadzona przez Administratora w\u00a0ramach prowadzonej dzia\u0142alno\u015bci, w\u00a0szczeg\u00f3lno\u015bci poprzez\u00a0przedstawianie ofert handlowych U\u017cytkownikowi w\u00a0kontakcie telefonicznym.<br \/><br \/><\/span><\/li>\n<li><span style=\"color: #000000;\"><strong>Przesy\u0142ania U\u017cytkownikowi informacji drog\u0105 elektroniczn\u0105 w\u00a0ramach zapisu na\u00a0newsletter Administratora.<\/strong><\/span><br \/><span style=\"color: #000000;\"><span style=\"color: #000000;\">Celem korzystania przez Administratora z\u00a0danych osobowych U\u017cytkownika udost\u0119pnionych w\u00a0ramach formularza zapisu na\u00a0newsletter Administratora udost\u0119pnionego w\u00a0Serwisie jest informowanie U\u017cytkownika drog\u0105 elektroniczn\u0105 (e-mailowo) o\u00a0nowych produktach, us\u0142ugach, promocjach lub\u00a0wydarzeniach Administratora lub\u00a0jego\u00a0partner\u00f3w.<br \/><br \/><\/span><\/span><\/li>\n<li><span style=\"color: #000000;\"><strong>Umo\u017cliwienia przesy\u0142ania przez U\u017cytkownika komentarzy lub\u00a0opinii.<\/strong><\/span><br \/><span style=\"color: #000000;\"><span style=\"color: #000000;\">Administrator wykorzystuje dane osobowe U\u017cytkownika w celu umo\u017cliwienia mu komentowania\/opiniowania dzia\u0142alno\u015bci, us\u0142ug lub produkt\u00f3w Administratora lub podmiot\u00f3w z nim wsp\u00f3\u0142pracuj\u0105cych.<br \/><br \/><\/span><\/span><\/li>\n<li><span style=\"color: #000000;\"><strong>Realizacja us\u0142ug<br \/><br \/><\/strong><\/span><\/li>\n<\/ol>\n<\/li>\n<\/ol>\n<p><span style=\"color: #000000;\"><\/span><\/p>\n<p><span style=\"color: #000000;\"><\/span><\/p>\n<ol class=\"wp-block-list\">\n<li style=\"list-style-type: none;\">Administrator mo\u017ce przetwarza\u0107 dane osobowe U\u017cytkownika podane w\u00a0formularzu kontaktowym r\u00f3wnie\u017c w\u00a0nast\u0119puj\u0105cych celach:<\/li>\n<\/ol>\n<p><span style=\"color: #000000;\"><\/span><\/p>\n<p><span style=\"color: #000000;\"><\/span><\/p>\n<p><span style=\"color: #000000;\"><\/span><\/p>\n<p><span style=\"color: #000000;\"><\/span><\/p>\n<ul class=\"wp-block-list\">\n<li style=\"list-style-type: none;\">\n<ul class=\"wp-block-list\"><\/ul>\n<\/li>\n<\/ul>\n<ul class=\"wp-block-list\">\n<li style=\"list-style-type: none;\">\n<ul class=\"wp-block-list\">\n<li><span style=\"color: #000000;\">w celu zawarcia i\u00a0realizacji ewentualnej umowy pomi\u0119dzy U\u017cytkownikiem a\u00a0Administratorem oraz\u00a0obs\u0142ugi U\u017cytkownika jako klienta Administratora zgodnie z\u00a0art. 6 ust. 1 lit. b) RODO;<\/span><\/li>\n<\/ul>\n<\/li>\n<\/ul>\n<p><span style=\"color: #000000;\"><\/span><\/p>\n<p><span style=\"color: #000000;\"><\/span><\/p>\n<ul class=\"wp-block-list\">\n<li style=\"list-style-type: none;\">\n<ul class=\"wp-block-list\">\n<li><span style=\"color: #000000;\">w celu prowadzenia rozlicze\u0144 finansowych z\u00a0U\u017cytkownikiem b\u0119d\u0105cym klientem Administratora tytu\u0142em realizacji ewentualnej umowy zawartej mi\u0119dzy stronami, a\u00a0tak\u017ce ewentualnego dochodzenia roszcze\u0144 od\u00a0U\u017cytkownika b\u0119d\u0105cego klientem w\u00a0ramach prawnie uzasadnionego interesu Administratora zgodnie z\u00a0art. 6 ust. 1 lit. f) RODO oraz\u00a0spe\u0142nienia obowi\u0105zk\u00f3w prawnych Administratora wobec organ\u00f3w podatkowych na\u00a0podstawie odr\u0119bnych przepis\u00f3w zgodnie z\u00a0art. 6 ust. 1 lit. c) RODO;<\/span><\/li>\n<\/ul>\n<\/li>\n<\/ul>\n<p><span style=\"color: #000000;\"><\/span><\/p>\n<p><span style=\"color: #000000;\"><\/span><\/p>\n<ul class=\"wp-block-list\">\n<li style=\"list-style-type: none;\">\n<ul class=\"wp-block-list\">\n<li><span style=\"color: #000000;\">w celu realizacji dzia\u0142a\u0144 marketingowych Administratora w\u00a0ramach prawnie uzasadnionego interesu Administratora w\u00a0rozumieniu art. 6 ust. 1 lit. f) RODO, a\u00a0tak\u017ce zgodnie z\u00a0o\u015bwiadczeniami woli dotycz\u0105cymi komunikacji marketingowej z\u0142o\u017conymi wobec Administratora. Zgody udzielone w\u00a0zakresie komunikacji marketingowej (np. na\u00a0przesy\u0142anie informacji handlowych drog\u0105 elektroniczn\u0105 lub\u00a0kontakt telefoniczny w\u00a0celach marketingu bezpo\u015bredniego) mog\u0105 by\u0107 wycofane w\u00a0dowolnym czasie, bez\u00a0wp\u0142ywu na\u00a0zgodno\u015b\u0107 z\u00a0prawem przetwarzania, kt\u00f3rego dokonano na\u00a0podstawie zgody przed jej\u00a0cofni\u0119ciem;<\/span><\/li>\n<\/ul>\n<\/li>\n<\/ul>\n<p><span style=\"color: #000000;\"><\/span><\/p>\n<p><span style=\"color: #000000;\"><\/span><\/p>\n<ul class=\"wp-block-list\">\n<li style=\"list-style-type: none;\">\n<ul class=\"wp-block-list\">\n<li><span style=\"color: #000000;\"><span style=\"color: #000000;\">w celu realizacji obowi\u0105zk\u00f3w prawnych Administratora wobec U\u017cytkownika okre\u015blonych w RODO, w rozumieniu art. 6 ust. 1 lit. c) RODO.<br \/><\/span><\/span>\n<p>\u00a0<\/p>\n<\/li>\n<\/ul>\n<\/li>\n<\/ul>\n<p><span style=\"color: #000000;\"><\/span><\/p>\n<p><span style=\"color: #000000;\"><\/span><\/p>\n<p><span style=\"color: #000000;\"><\/span><\/p>\n<h2 class=\"wp-block-heading\"><span style=\"color: #000000;\">G. UDOST\u0118PNIANIE DANYCH OSOBOWYCH<\/span><\/h2>\n<p><span style=\"color: #000000;\"><\/span><\/p>\n<p><span style=\"color: #000000;\"><\/span><\/p>\n<p><span style=\"color: #000000;\">Dane osobowe U\u017cytkownika s\u0105 lub mog\u0105 by\u0107 przekazywane Podmiotom wsp\u00f3\u0142pracuj\u0105cym przy realizacji us\u0142ug.<br \/><br \/><\/span><\/p>\n<p><span style=\"color: #000000;\"><\/span><\/p>\n<p><span style=\"color: #000000;\"><\/span><\/p>\n<h2 class=\"wp-block-heading\"><span style=\"color: #000000;\">H. PRAWA U\u017bYTKOWNIKA<\/span><\/h2>\n<p><span style=\"color: #000000;\"><\/span><\/p>\n<p><span style=\"color: #000000;\"><\/span><\/p>\n<ol class=\"wp-block-list\" start=\"1\">\n<li style=\"list-style-type: none;\">\n<ol class=\"wp-block-list\" start=\"1\"><\/ol>\n<\/li>\n<\/ol>\n<ol class=\"wp-block-list\" start=\"1\">\n<li style=\"list-style-type: none;\">\n<ol class=\"wp-block-list\" start=\"1\">\n<li><span style=\"color: #000000;\"><span style=\"color: #000000;\">U\u017cytkownik na ka\u017cdym etapie przetwarzania jego danych zapewniony ma szereg uprawnie\u0144 pozwalaj\u0105cych mu uzyska\u0107 dost\u0119p do swoich danych, weryfikacj\u0119 prawid\u0142owo\u015bci przetwarzania danych, ich korekt\u0119, jak r\u00f3wnie\u017c ma prawo zg\u0142oszenia sprzeciwu wobec ich przetwarzania, mo\u017ce \u017c\u0105da\u0107 usuni\u0119cia danych, ograniczenia przetwarzania lub przeniesienia danych.<br \/><br \/><\/span><\/span><\/li>\n<li><span style=\"color: #000000;\"><span style=\"color: #000000;\">W przypadku ch\u0119ci skorzystania przez U\u017cytkownika z przys\u0142uguj\u0105cych mu praw jako podmiotu danych osobowych, mo\u017ce on si\u0119 skontaktowa\u0107 z Administratorem za pomoc\u0105 podanych wy\u017cej danych kontaktowych.<br \/><br \/><\/span><\/span><\/li>\n<li><span style=\"color: #000000;\"><span style=\"color: #000000;\">U\u017cytkownik, kt\u00f3rego dane osobowe s\u0105 przetwarzane przez Administratora ma prawo wnie\u015b\u0107 skarg\u0119 do organu nadzoru w\u0142a\u015bciwego w sprawach ochrony danych osobowych (Prezesa Urz\u0119du Ochrony Danych Osobowych).<\/span><\/span><\/li>\n<\/ol>\n<\/li>\n<\/ol>\n<p><span style=\"color: #000000;\"><\/span><\/p>\n<p><span style=\"color: #000000;\"><\/span><\/p>\n<p><span style=\"color: #000000;\"><\/span><\/p>\n<p><span style=\"color: #000000;\"><\/span><\/p>\n<ol class=\"wp-block-list\" start=\"1\">\n<li style=\"list-style-type: none;\">\u00a0<\/li>\n<\/ol>\n<p><span style=\"color: #000000;\"><\/span><\/p>\n<p><span style=\"color: #000000;\"><\/span><\/p>\n<p><span style=\"color: #000000;\"><\/span><\/p>\n<h2 class=\"wp-block-heading\"><span style=\"color: #000000;\">I. PLIKI COOKIES<\/span><\/h2>\n<p><span style=\"color: #000000;\"><\/span><\/p>\n<p><span style=\"color: #000000;\"><\/span><\/p>\n<ol class=\"wp-block-list\" start=\"1\">\n<li style=\"list-style-type: none;\">\n<ol class=\"wp-block-list\" start=\"1\"><\/ol>\n<\/li>\n<\/ol>\n<ol class=\"wp-block-list\" start=\"1\">\n<li style=\"list-style-type: none;\">\n<ol class=\"wp-block-list\" start=\"1\">\n<li><span style=\"color: #000000;\"><span style=\"color: #000000;\">Administrator informuje, i\u017c podczas korzystania z Serwisu w urz\u0105dzeniu ko\u0144cowym U\u017cytkownika zapisywane s\u0105 kr\u00f3tkie informacje tekstowe zwane \u201ecookies\u201d. Pliki \u201ecookies\u201d zawieraj\u0105 takie dane informatyczne jak: adres IP dotycz\u0105cy U\u017cytkownika, nazwa strony internetowej, z kt\u00f3rej pochodz\u0105, czas przechowywania ich na urz\u0105dzeniu ko\u0144cowym U\u017cytkownika, zapis parametr\u00f3w i statystyki oraz unikalny numer. Pliki \u201ecookies\u201d s\u0105 kierowane do serwera Serwisu za po\u015brednictwem przegl\u0105darki internetowej zainstalowanej w urz\u0105dzeniu ko\u0144cowym U\u017cytkownika.<br \/><br \/><\/span><\/span><\/li>\n<li><span style=\"color: #000000;\"><span style=\"color: #000000;\">Pliki \u201ecookies\u201d wykorzystywane s\u0105 w\u00a0Serwisie w\u00a0celu:<\/span><\/span>\n<p><span style=\"color: #000000;\">&#8211;\u00a0 utrzymania technicznej poprawno\u015bci i ci\u0105g\u0142o\u015bci sesji pomi\u0119dzy serwerem Serwisu, a urz\u0105dzeniem ko\u0144cowym U\u017cytkownika;<\/span><\/p>\n<span style=\"color: #000000;\"><span style=\"color: #000000;\">&#8211; optymalizacji korzystania przez U\u017cytkownika ze stron internetowych Serwisu i dostosowania sposobu ich wy\u015bwietlania na urz\u0105dzeniu ko\u0144cowym U\u017cytkownika;<br \/><\/span><\/span>&#8211; zapewnienia bezpiecze\u0144stwa korzystania z Serwisu;<br \/>&#8211; zbierania statystyk odwiedzin stron Serwisu wspieraj\u0105cych ulepszanie ich struktury i zawarto\u015bci;<br \/><span style=\"color: #000000;\"><span style=\"color: #000000;\">&#8211; wy\u015bwietlania na urz\u0105dzeniu ko\u0144cowym U\u017cytkownika tre\u015bci reklamowych optymalnie dostosowanych do jego preferencji.<br \/><br \/><\/span><\/span><\/li>\n<li><span style=\"color: #000000;\"><span style=\"color: #000000;\">W ramach Serwisu stosowane s\u0105 dwa rodzaje plik\u00f3w \u201ecookies\u201d: \u201esesyjne\u201d oraz \u201esta\u0142e\u201d. \u201eSesyjne\u201d pliki \u201ecookies\u201d s\u0105 plikami ulegaj\u0105cymi automatycznemu usuni\u0119ciu z urz\u0105dzenia ko\u0144cowego U\u017cytkownika Serwisu po jego wylogowaniu z Serwisu lub po opuszczeniu przez niego stron internetowych Serwisu lub po wy\u0142\u0105czeniu przegl\u0105darki internetowej. \u201eSta\u0142e\u201d pliki \u201ecookies\u201d przechowywane s\u0105 w urz\u0105dzeniu ko\u0144cowym U\u017cytkownika przez czas okre\u015blony w parametrach plik\u00f3w \u201ecookies\u201d lub do czasu ich usuni\u0119cia przez U\u017cytkownika. \u201eSta\u0142e\u201d pliki \u201ecookies\u201d instalowane s\u0105 w urz\u0105dzeniu ko\u0144cowym U\u017cytkownika wy\u0142\u0105cznie za jego zgod\u0105.<br \/><br \/><\/span><\/span><\/li>\n<li><span style=\"color: #000000;\">Administrator informuje, \u017ce:\u00a0<br \/><\/span>\u00a0&#8211; przegl\u0105darki internetowe domy\u015blnie akceptuj\u0105 instalowanie plik\u00f3w \u201ecookies\u201d w\u00a0urz\u0105dzeniu ko\u0144cowym U\u017cytkownika. Ka\u017cdy U\u017cytkownik Serwisu mo\u017ce dokona\u0107 w\u00a0dowolnym czasie zmiany ustawie\u0144 dotycz\u0105cych plik\u00f3w \u201ecookies\u201d w\u00a0u\u017cywanej przez niego przegl\u0105darce internetowej w\u00a0taki\u00a0spos\u00f3b, aby przegl\u0105darka automatycznie blokowa\u0142a obs\u0142ug\u0119 plik\u00f3w \u201ecookies\u201d, b\u0105d\u017a\u00a0informowa\u0142a U\u017cytkownika o\u00a0ich\u00a0ka\u017cdorazowym zamieszczeniu w\u00a0jego\u00a0urz\u0105dzeniu ko\u0144cowym. Szczeg\u00f3\u0142owe informacje o\u00a0mo\u017cliwo\u015bci i\u00a0sposobach obs\u0142ugi plik\u00f3w \u201ecookies\u201d dost\u0119pne s\u0105 w\u00a0ustawieniach przegl\u0105darki internetowej stosowanej przez U\u017cytkownika Serwisu.<br \/><br \/>&#8211; ograniczenie stosowania plik\u00f3w \u201ecookies\u201d przez U\u017cytkownika mo\u017ce ujemnie wp\u0142yn\u0105\u0107 na\u00a0poprawno\u015b\u0107 i\u00a0ci\u0105g\u0142o\u015b\u0107 \u015bwiadczenia Us\u0142ug w\u00a0Serwisie.<br \/><br \/><\/li>\n<li>Pliki \u201ecookies\u201d zainstalowane w\u00a0urz\u0105dzeniu ko\u0144cowym U\u017cytkownika Serwisu mog\u0105 by\u0107 wykorzystywane przez wsp\u00f3\u0142pracuj\u0105cych z\u00a0Administratorem reklamodawc\u00f3w lub\u00a0partner\u00f3w biznesowych.<br \/><br \/><\/li>\n<li><span style=\"color: #000000;\">Pliki \u201ecookies\u201d mo\u017cna uzna\u0107 za\u00a0dane osobowe jedynie w\u00a0powi\u0105zaniu z\u00a0innymi danymi identyfikuj\u0105cymi to\u017csamo\u015b\u0107, udost\u0119pnionymi Administratorowi przez U\u017cytkownika w\u00a0ramach korzystania z\u00a0Serwisu.<br \/><\/span><\/li>\n<li><span style=\"color: #000000;\"><\/span><span style=\"color: #000000;\">Dost\u0119p do plik\u00f3w \u201ecookies\u201d przetwarzanych przez serwer Serwisu posiada wy\u0142\u0105cznie Administrator.<br \/><br \/><\/span><\/li>\n<li><span style=\"color: #000000;\"><span style=\"color: #000000;\">Je\u015bli U\u017cytkownik nie zgadza si\u0119 na zapisywanie i odbieranie informacji w plikach \u201ecookies\u201d, mo\u017ce zmieni\u0107 zasady dotycz\u0105ce plik\u00f3w \u201ecookies\u201d za pomoc\u0105 ustawie\u0144 swojej przegl\u0105darki internetowej.<\/span><\/span><\/li>\n<\/ol>\n<\/li>\n<\/ol>\n<p><span style=\"color: #000000;\"><\/span><\/p>\n<p><span style=\"color: #000000;\"><\/span><\/p>\n<p><span style=\"color: #000000;\"><\/span><\/p>\n<p><span style=\"color: #000000;\"><\/span><\/p>\n<p>\u00a0<\/p>\n<p><span style=\"color: #000000;\"><\/span><\/p>\n<p><span style=\"color: #000000;\"><\/span><\/p>\n<p><span style=\"color: #000000;\"><\/span><\/p>\n<h3 class=\"wp-block-heading\"><span style=\"color: #000000;\">J. INNE WA\u017bNE INFORMACJE\u00a0<\/span><\/h3>\n<p><span style=\"color: #000000;\"><\/span><\/p>\n<p><span style=\"color: #000000;\"><\/span><\/p>\n<ol class=\"wp-block-list\" start=\"1\">\n<li style=\"list-style-type: none;\">\n<ol class=\"wp-block-list\" start=\"1\"><\/ol>\n<\/li>\n<\/ol>\n<ol class=\"wp-block-list\" start=\"1\">\n<li style=\"list-style-type: none;\">\n<ol class=\"wp-block-list\" start=\"1\">\n<li><span style=\"color: #000000;\"><strong>Ochrona bezpiecze\u0144stwa danych osobowych.<\/strong><\/span><br \/><span style=\"color: #000000;\">Administrator wprowadza odpowiednie \u015brodki maj\u0105ce na\u00a0celu zapewnienie bezpiecze\u0144stwa danych osobowych U\u017cytkownika. Bezpieczne korzystanie z\u00a0Serwisu zapewniaj\u0105 stosowane systemy oraz\u00a0procedury chroni\u0105ce przed dost\u0119pem oraz\u00a0ujawnieniem danych osobom niepo\u017c\u0105danym. Ponadto stosowane przez Administratora systemy oraz\u00a0procesy s\u0105 regularnie monitorowane w\u00a0celu wykrycia ewentualnych zagro\u017ce\u0144. Pozyskane przez Administratora dane osobowe przechowywane s\u0105 w\u00a0systemach komputerowych, do\u00a0kt\u00f3rych dost\u0119p jest \u015bci\u015ble ograniczony.<\/span><\/li>\n<\/ol>\n<\/li>\n<\/ol>\n<p><span style=\"color: #000000;\"><\/span><\/p>\n<p><span style=\"color: #000000;\"><\/span><\/p>\n<p><span style=\"color: #000000;\"><\/span><\/p>\n<ol class=\"wp-block-list\" start=\"2\">\n<li style=\"list-style-type: none;\">\n<ol class=\"wp-block-list\" start=\"2\"><\/ol>\n<\/li>\n<\/ol>\n<ol class=\"wp-block-list\" start=\"2\">\n<li style=\"list-style-type: none;\">\n<ol class=\"wp-block-list\" start=\"2\">\n<li><span style=\"color: #000000;\"><strong>Przechowywanie danych osobowych.<\/strong><\/span><br \/><span style=\"color: #000000;\">Okres, przez\u00a0jaki Administrator przetwarza dane osobowe wynika z\u00a0celu, w\u00a0jakim dane te\u00a0s\u0105\u00a0przetwarzane. Standardowo, Administrator przetwarza dane przez\u00a0okres trwania umowy b\u0105d\u017a \u015bwiadczenia us\u0142ugi. Je\u017celi podstaw\u0105 przetwarzania jest wyra\u017cona przez\u00a0Podmiot danych zgoda, dane b\u0119d\u0105 przetwarzane do\u00a0momentu jej wycofania.<\/span>\n<p><span style=\"color: #000000;\">W\u00a0przypadku, gdy\u00a0Administrator przetwarza dane na\u00a0podstawie prawnie uzasadnionego interesu, okres przetwarzania trwa do\u00a0chwili skutecznego zg\u0142oszenia sprzeciwu.<\/span><\/p>\n<p><span style=\"color: #000000;\">Po\u00a0up\u0142ywie powy\u017cszych termin\u00f3w, dane mog\u0105 by\u0107 przetwarzane tylko\u00a0w\u00a0przypadku, gdy\u00a0jest to\u00a0niezb\u0119dne do\u00a0obrony lub dochodzenia roszcze\u0144, a\u00a0tak\u017ce w\u00a0przypadku, gdy\u00a0Administrator jest zobowi\u0105zany do\u00a0przetwarzania danych przez\u00a0czas wynikaj\u0105cy z\u00a0przepis\u00f3w prawa (np.\u00a0podatkowego).<\/span><\/p>\n<\/li>\n<\/ol>\n<\/li>\n<\/ol>\n<p><span style=\"color: #000000;\"><\/span><\/p>\n<p><span style=\"color: #000000;\"><\/span><\/p>\n<p><span style=\"color: #000000;\"><\/span><\/p>\n<ol class=\"wp-block-list\" start=\"3\">\n<li style=\"list-style-type: none;\">\n<ol class=\"wp-block-list\" start=\"3\"><\/ol>\n<\/li>\n<\/ol>\n<ol class=\"wp-block-list\" start=\"3\">\n<li style=\"list-style-type: none;\">\n<ol class=\"wp-block-list\" start=\"3\">\n<li><span style=\"color: #000000;\"><strong>Zmiany Polityki prywatno\u015bci<\/strong><\/span><br \/><span style=\"color: #000000;\"><span style=\"color: #000000;\">W celu uaktualnienia informacji zawartych w\u00a0niniejszej Polityce prywatno\u015bci oraz\u00a0jej\u00a0zgodno\u015bci z\u00a0obowi\u0105zuj\u0105cymi przepisami prawa, niniejsza Polityka prywatno\u015bci mo\u017ce ulec zmianie. W\u00a0przypadku zmiany tre\u015bci Polityki prywatno\u015bci, zmieniona zostanie data jej\u00a0aktualizacji wskazana na\u00a0ko\u0144cu jej\u00a0tekstu. W\u00a0celu zasi\u0119gni\u0119cia informacji o\u00a0sposobie ochrony danych osobowych, Administrator rekomenduje U\u017cytkownikom regularne zapoznawanie\u00a0si\u0119 z\u00a0postanowieniami Polityki Prywatno\u015bci. Aktualna wersja Polityki obowi\u0105zuje od\u00a019 sierpnia 2024 roku.<\/span><\/span>\n<p>\u00a0<\/p>\n<p>\u00a0<\/p>\n<\/li>\n<\/ol>\n<\/li>\n<\/ol>\n<p><\/p>\n<p><\/p>\t\t\t\t\t\t\t\t<\/div>\n\t\t\t\t<\/div>\n\t\t\t\t\t<\/div>\n\t\t\t\t<\/div>\t\t<\/div>\n\t\t","protected":false},"excerpt":{"rendered":"<p>Polityka prywatno\u015bci WWW.MFC.SKI W\u00a0zwi\u0105zku z\u00a0prowadzon\u0105 dzia\u0142alno\u015bci\u0105 Narty-Austria Pawe\u0142 Grodzicki zbiera i\u00a0przetwarza dane osobowe. Celem niniejszej Polityki Prywatno\u015bci jest\u00a0wyja\u015bnienie zasad, na\u00a0jakich przetwarzane s\u0105\u00a0Pa\u0144stwa dane osobowe oraz\u00a0om\u00f3wienie Pa\u0144stwa podstawowych praw zwi\u0105zanych z\u00a0przetwarzaniem przez\u00a0nas Pa\u0144stwa danych osobowych.W\u00a0niniejszej Polityce u\u017cytkownik znajdzie tak\u017ce informacje dotycz\u0105ce stosowania plik\u00f3w\u00a0cookies\u00a0lub podobnych technologii w\u00a0zwi\u0105zku&#8230;<\/p>\n","protected":false},"author":1,"featured_media":0,"parent":0,"menu_order":0,"comment_status":"closed","ping_status":"open","template":"","meta":{"footnotes":""},"class_list":["post-3","page","type-page","status-publish","hentry"],"_links":{"self":[{"href":"https:\/\/mfc.ski\/index.php\/wp-json\/wp\/v2\/pages\/3","targetHints":{"allow":["GET"]}}],"collection":[{"href":"https:\/\/mfc.ski\/index.php\/wp-json\/wp\/v2\/pages"}],"about":[{"href":"https:\/\/mfc.ski\/index.php\/wp-json\/wp\/v2\/types\/page"}],"author":[{"embeddable":true,"href":"https:\/\/mfc.ski\/index.php\/wp-json\/wp\/v2\/users\/1"}],"replies":[{"embeddable":true,"href":"https:\/\/mfc.ski\/index.php\/wp-json\/wp\/v2\/comments?post=3"}],"version-history":[{"count":29,"href":"https:\/\/mfc.ski\/index.php\/wp-json\/wp\/v2\/pages\/3\/revisions"}],"predecessor-version":[{"id":17594,"href":"https:\/\/mfc.ski\/index.php\/wp-json\/wp\/v2\/pages\/3\/revisions\/17594"}],"wp:attachment":[{"href":"https:\/\/mfc.ski\/index.php\/wp-json\/wp\/v2\/media?parent=3"}],"curies":[{"name":"wp","href":"https:\/\/api.w.org\/{rel}","templated":true}]}}